{"id":1001,"date":"2026-01-15T11:46:34","date_gmt":"2026-01-15T10:46:34","guid":{"rendered":"https:\/\/guitarrasgenisprat.com\/guitarras-flamencas\/"},"modified":"2026-01-16T10:37:56","modified_gmt":"2026-01-16T09:37:56","slug":"guitarras-flamencas","status":"publish","type":"page","link":"http:\/\/guitarrasgenisprat.com\/es\/guitarras\/guitarras-flamencas\/","title":{"rendered":"Guitarras flamencas"},"content":{"rendered":"\n<style type=\"text\/css\" data-created_by=\"avia_inline_auto\" id=\"style-css-av-150ayj-6e838fd0e150888639b8cebe791f6717\">\n.avia-section.av-150ayj-6e838fd0e150888639b8cebe791f6717{\nbackground-repeat:no-repeat;\nbackground-image:url(http:\/\/guitarrasgenisprat.com\/wp-content\/uploads\/2025\/11\/guitarras-genis-prat-141-1500x630.jpg);\nbackground-position:50% 50%;\nbackground-attachment:scroll;\n}\n.avia-section.av-150ayj-6e838fd0e150888639b8cebe791f6717 .av-section-color-overlay{\nopacity:0.5;\nbackground-color:#0a0a0a;\n}\n<\/style>\n<div id='av_section_1'  class='avia-section av-150ayj-6e838fd0e150888639b8cebe791f6717 main_color avia-section-default avia-no-border-styling  avia-builder-el-0  el_before_av_section  avia-builder-el-first  avia-full-stretch avia-bg-style-scroll av-section-color-overlay-active av-minimum-height av-minimum-height-35 av-height-percent  container_wrap fullsize'  data-section-bg-repeat='stretch' data-av_minimum_height_pc='35' data-av_min_height_opt='percent'><div class=\"av-section-color-overlay-wrap\"><div class=\"av-section-color-overlay\"><\/div><div class='container av-section-cont-open' ><main  role=\"main\" itemprop=\"mainContentOfPage\"  class='template-page content  av-content-full alpha units'><div class='post-entry post-entry-type-page post-entry-1001'><div class='entry-content-wrapper clearfix'>\n\n\n<\/div><\/div><\/main><!-- close content main element --><\/div><\/div><\/div><div id='av_section_2'  class='avia-section av-2y340d-707c7e41b45c9ed50c313cd936954ed1 main_color avia-section-default avia-no-border-styling  avia-builder-el-2  el_after_av_section  el_before_av_section  avia-bg-style-scroll container_wrap fullsize'  ><div class='container av-section-cont-open' ><div class='template-page content  av-content-full alpha units'><div class='post-entry post-entry-type-page post-entry-1001'><div class='entry-content-wrapper clearfix'>\n<div  class='flex_column av-260s3h-a7c2d080ede97ad2af474ae10c2254ee av_one_fifth  avia-builder-el-3  el_before_av_three_fifth  avia-builder-el-first  first no_margin flex_column_div  '     ><\/div><div  class='flex_column av-2rc3jx-bf6bd569117ed575f3b6365de6b6c331 av_three_fifth  avia-builder-el-4  el_after_av_one_fifth  avia-builder-el-last  no_margin flex_column_div  '     ><p>\n<style type=\"text\/css\" data-created_by=\"avia_inline_auto\" id=\"style-css-av-gnrk2-636f9be3c94c1f8ac1f648437737e46b\">\n#top .hr.hr-invisible.av-gnrk2-636f9be3c94c1f8ac1f648437737e46b{\nheight:25px;\n}\n<\/style>\n<div  class='hr av-gnrk2-636f9be3c94c1f8ac1f648437737e46b hr-invisible  avia-builder-el-5  el_before_av_heading  avia-builder-el-first '><span class='hr-inner '><span class=\"hr-inner-style\"><\/span><\/span><\/div><br \/>\n\n<style type=\"text\/css\" data-created_by=\"avia_inline_auto\" id=\"style-css-av-2ll0b1-87831407f0dee5368f791d7315d5629d\">\n#top .av-special-heading.av-2ll0b1-87831407f0dee5368f791d7315d5629d{\npadding-bottom:10px;\n}\nbody .av-special-heading.av-2ll0b1-87831407f0dee5368f791d7315d5629d .av-special-heading-tag .heading-char{\nfont-size:25px;\n}\n.av-special-heading.av-2ll0b1-87831407f0dee5368f791d7315d5629d .av-subheading{\nfont-size:15px;\n}\n<\/style>\n<div  class='av-special-heading av-2ll0b1-87831407f0dee5368f791d7315d5629d av-special-heading-h1 blockquote modern-quote modern-centered  avia-builder-el-6  el_after_av_hr  el_before_av_textblock '><h1 class='av-special-heading-tag '  itemprop=\"headline\"  >Guitarras flamencas<\/h1><div class=\"special-heading-border\"><div class=\"special-heading-inner-border\"><\/div><\/div><\/div><br \/>\n<section  class='av_textblock_section av-8zj42-3414dd432f818cb3887a8a048d561561 '   itemscope=\"itemscope\" itemtype=\"https:\/\/schema.org\/CreativeWork\" ><div class='avia_textblock'  itemprop=\"text\" ><p style=\"text-align: center;\">Las guitarras flamencas del taller Gen\u00eds Prat est\u00e1n pensadas para ofrecer <strong>respuesta inmediata, ligereza y car\u00e1cter<\/strong> . Son instrumentos vivos, con sonido brillante y percusivo, construidos para acompa\u00f1ar el ritmo, la expresi\u00f3n y la intensidad propia del flamenco. Cada guitarra se trabaja a mano, buscando el equilibrio entre tradici\u00f3n y comodidad, para que el guitarrista pueda expresarse con libertad y precisi\u00f3n.<\/p>\n<\/div><\/section><\/p><\/div>\n\n<\/div><\/div><\/div><!-- close content main div --><\/div><\/div><div id='model-53-flamenco'  class='avia-section av-2x7pre-451fa8e7b4783ff0947d99070ed0cc89 main_color avia-section-large avia-no-border-styling  avia-builder-el-8  el_after_av_section  el_before_av_section  avia-bg-style-scroll container_wrap fullsize'  ><div class='container av-section-cont-open' ><div class='template-page content  av-content-full alpha units'><div class='post-entry post-entry-type-page post-entry-1001'><div class='entry-content-wrapper clearfix'>\n<div class='flex_column_table av-1zet4a-a6ce2296178d645cdc744045b5c1b426 sc-av_one_half av-equal-height-column-flextable'><div  class='flex_column av-1zet4a-a6ce2296178d645cdc744045b5c1b426 av_one_half  avia-builder-el-9  el_before_av_one_half  avia-builder-el-first  first no_margin flex_column_table_cell av-equal-height-column av-align-bottom  '     ><style type=\"text\/css\" data-created_by=\"avia_inline_auto\" id=\"style-css-av-d95z6-4ee3be598a5a2e1bae168c84b2e43dfb\">\n.avia-image-container.av-d95z6-4ee3be598a5a2e1bae168c84b2e43dfb img.avia_image{\nbox-shadow:none;\n}\n.avia-image-container.av-d95z6-4ee3be598a5a2e1bae168c84b2e43dfb .av-image-caption-overlay-center{\ncolor:#ffffff;\n}\n<\/style>\n<div  class='avia-image-container av-d95z6-4ee3be598a5a2e1bae168c84b2e43dfb av-styling- av-hover-fade avia-align-center  avia-builder-el-10  avia-builder-el-no-sibling '   itemprop=\"image\" itemscope=\"itemscope\" itemtype=\"https:\/\/schema.org\/ImageObject\" ><div class=\"avia-image-container-inner\"><div class=\"avia-image-overlay-wrap\"><img decoding=\"async\" fetchpriority=\"high\" class='wp-image-1003 avia-img-lazy-loading-not-1003 avia_image fade-basic' src=\"http:\/\/guitarrasgenisprat.com\/wp-content\/uploads\/2025\/11\/guitarra-genis-prat-m53-flamenco-02-687x1030.jpg\" alt='' title='guitarra-genios-prado-m53-flamenco-02'  height=\"1030\" width=\"687\"  itemprop=\"thumbnailUrl\" srcset=\"http:\/\/guitarrasgenisprat.com\/wp-content\/uploads\/2025\/11\/guitarra-genis-prat-m53-flamenco-02-687x1030.jpg 687w, http:\/\/guitarrasgenisprat.com\/wp-content\/uploads\/2025\/11\/guitarra-genis-prat-m53-flamenco-02-200x300.jpg 200w, http:\/\/guitarrasgenisprat.com\/wp-content\/uploads\/2025\/11\/guitarra-genis-prat-m53-flamenco-02-768x1152.jpg 768w, http:\/\/guitarrasgenisprat.com\/wp-content\/uploads\/2025\/11\/guitarra-genis-prat-m53-flamenco-02-1024x1536.jpg 1024w, http:\/\/guitarrasgenisprat.com\/wp-content\/uploads\/2025\/11\/guitarra-genis-prat-m53-flamenco-02-1366x2048.jpg 1366w, http:\/\/guitarrasgenisprat.com\/wp-content\/uploads\/2025\/11\/guitarra-genis-prat-m53-flamenco-02-1000x1500.jpg 1000w, http:\/\/guitarrasgenisprat.com\/wp-content\/uploads\/2025\/11\/guitarra-genis-prat-m53-flamenco-02-470x705.jpg 470w, http:\/\/guitarrasgenisprat.com\/wp-content\/uploads\/2025\/11\/guitarra-genis-prat-m53-flamenco-02.jpg 1667w\" sizes=\"(max-width: 687px) 100vw, 687px\" \/><img decoding=\"async\" fetchpriority=\"high\" class='wp-image-1008 avia-img-lazy-loading-not-1008 avia_image fade-overlay' src=\"http:\/\/guitarrasgenisprat.com\/wp-content\/uploads\/2025\/11\/guitarra-genis-prat-m53-flamenco-01-687x1030.jpg\" alt='' title='guitarra-genios-prado-m53-flamenco-02'  height=\"1030\" width=\"687\"  itemprop=\"thumbnailUrl\" srcset=\"http:\/\/guitarrasgenisprat.com\/wp-content\/uploads\/2025\/11\/guitarra-genis-prat-m53-flamenco-01-687x1030.jpg 687w, http:\/\/guitarrasgenisprat.com\/wp-content\/uploads\/2025\/11\/guitarra-genis-prat-m53-flamenco-01-200x300.jpg 200w, http:\/\/guitarrasgenisprat.com\/wp-content\/uploads\/2025\/11\/guitarra-genis-prat-m53-flamenco-01-768x1152.jpg 768w, http:\/\/guitarrasgenisprat.com\/wp-content\/uploads\/2025\/11\/guitarra-genis-prat-m53-flamenco-01-1024x1536.jpg 1024w, http:\/\/guitarrasgenisprat.com\/wp-content\/uploads\/2025\/11\/guitarra-genis-prat-m53-flamenco-01-1366x2048.jpg 1366w, http:\/\/guitarrasgenisprat.com\/wp-content\/uploads\/2025\/11\/guitarra-genis-prat-m53-flamenco-01-1000x1500.jpg 1000w, http:\/\/guitarrasgenisprat.com\/wp-content\/uploads\/2025\/11\/guitarra-genis-prat-m53-flamenco-01-470x705.jpg 470w, http:\/\/guitarrasgenisprat.com\/wp-content\/uploads\/2025\/11\/guitarra-genis-prat-m53-flamenco-01.jpg 1667w\" sizes=\"(max-width: 687px) 100vw, 687px\" \/><\/div><\/div><\/div><\/div>\n<style type=\"text\/css\" data-created_by=\"avia_inline_auto\" id=\"style-css-av-2g7c8i-cc8a279ff0f9556b2e1949e1528f653c\">\n.flex_column.av-2g7c8i-cc8a279ff0f9556b2e1949e1528f653c{\npadding:0 0 0 60px;\n}\n\n@media only screen and (max-width: 479px){ \n.flex_column.av-2g7c8i-cc8a279ff0f9556b2e1949e1528f653c{\npadding:0 0 0 0px;\n}\n}\n<\/style>\n<div  class='flex_column av-2g7c8i-cc8a279ff0f9556b2e1949e1528f653c av_one_half  avia-builder-el-11  el_after_av_one_half  el_before_av_masonry_gallery  avia-builder-el-last  no_margin flex_column_table_cell av-equal-height-column av-align-bottom av-animated-generic bottom-to-top  '     ><p>\n<style type=\"text\/css\" data-created_by=\"avia_inline_auto\" id=\"style-css-av-8lx56-09cbf53b06c96c40dee209e13a4b221d\">\n#top .hr.hr-invisible.av-8lx56-09cbf53b06c96c40dee209e13a4b221d{\nheight:50px;\n}\n<\/style>\n<div  class='hr av-8lx56-09cbf53b06c96c40dee209e13a4b221d hr-invisible  avia-builder-el-12  el_before_av_heading  avia-builder-el-first '><span class='hr-inner '><span class=\"hr-inner-style\"><\/span><\/span><\/div><br \/>\n\n<style type=\"text\/css\" data-created_by=\"avia_inline_auto\" id=\"style-css-av-27bf9e-23f95d63c395d767ea0cb4f2c13684a9\">\n#top .av-special-heading.av-27bf9e-23f95d63c395d767ea0cb4f2c13684a9{\npadding-bottom:10px;\n}\nbody .av-special-heading.av-27bf9e-23f95d63c395d767ea0cb4f2c13684a9 .av-special-heading-tag .heading-char{\nfont-size:25px;\n}\n.av-special-heading.av-27bf9e-23f95d63c395d767ea0cb4f2c13684a9 .av-subheading{\nfont-size:15px;\n}\n<\/style>\n<div  class='av-special-heading av-27bf9e-23f95d63c395d767ea0cb4f2c13684a9 av-special-heading-h2 blockquote modern-quote  avia-builder-el-13  el_after_av_hr  el_before_av_hr '><h2 class='av-special-heading-tag '  itemprop=\"headline\"  >Modelo 53 Flamenco<\/h2><div class=\"special-heading-border\"><div class=\"special-heading-inner-border\"><\/div><\/div><\/div><br \/>\n\n<style type=\"text\/css\" data-created_by=\"avia_inline_auto\" id=\"style-css-av-mioipnux-9e54128c341f126f66c0e8553257b0c5\">\n#top .hr.hr-invisible.av-mioipnux-9e54128c341f126f66c0e8553257b0c5{\nheight:50px;\n}\n<\/style>\n<div  class='hr av-mioipnux-9e54128c341f126f66c0e8553257b0c5 hr-invisible  avia-builder-el-14  el_after_av_heading  el_before_av_textblock '><span class='hr-inner '><span class=\"hr-inner-style\"><\/span><\/span><\/div><br \/>\n<section  class='av_textblock_section av-1mh3j9-44e86355f1068a01e912e80b2d2654ba '   itemscope=\"itemscope\" itemtype=\"https:\/\/schema.org\/CreativeWork\" ><div class='avia_textblock'  itemprop=\"text\" ><p style=\"text-align: left;\">La <strong>53 Flamenco<\/strong> es una guitarra ligera, con respuesta r\u00e1pida y un timbre claro y brillante. Est\u00e1 pensada para el guitarrista flamenco que necesita <strong>velocidad de respuesta, agilidad y una voz limpia y percusiva<\/strong> , sin renunciar a la calidad de construcci\u00f3n artesanal.<\/p>\n<\/div><\/section><br \/>\n\n<style type=\"text\/css\" data-created_by=\"avia_inline_auto\" id=\"style-css-av-6y1a2-549cedfc4dca984e34fb1384b74eca0c\">\n#top .hr.hr-invisible.av-6y1a2-549cedfc4dca984e34fb1384b74eca0c{\nheight:20px;\n}\n<\/style>\n<div  class='hr av-6y1a2-549cedfc4dca984e34fb1384b74eca0c hr-invisible  avia-builder-el-16  el_after_av_textblock  el_before_av_textblock '><span class='hr-inner '><span class=\"hr-inner-style\"><\/span><\/span><\/div><br \/>\n<section  class='av_textblock_section av-9xrd6-d642cca0b4da3baaa20d99ee80bc47ad '   itemscope=\"itemscope\" itemtype=\"https:\/\/schema.org\/CreativeWork\" ><div class='avia_textblock'  itemprop=\"text\" ><p style=\"text-align: left;\"><strong>Tapa:<\/strong> maciza de cedro o abeto.<br \/>\n<strong>Aros y fondo:<\/strong> cipr\u00e9s macizo (caracter\u00edstico del sonido flamenco).<br \/>\n<strong>Diapas\u00f3n:<\/strong> \u00e9bano.<br \/>\n<strong>M\u00e1stil:<\/strong> cedro de Honduras.<br \/>\n<strong>Acabado:<\/strong> poliuretano.<\/p>\n<p style=\"text-align: left;\">Sonido de ataque vivo, con un timbre brillante y definici\u00f3n clara, ideal para falsetas y ritmos flamencos<\/p>\n<\/div><\/section><br \/>\n\n<style type=\"text\/css\" data-created_by=\"avia_inline_auto\" id=\"style-css-av-7gtz6-6cf5703ffa7d3ea05d380680aef2e781\">\n#top .hr.hr-invisible.av-7gtz6-6cf5703ffa7d3ea05d380680aef2e781{\nheight:20px;\n}\n<\/style>\n<div  class='hr av-7gtz6-6cf5703ffa7d3ea05d380680aef2e781 hr-invisible  avia-builder-el-18  el_after_av_textblock  avia-builder-el-last '><span class='hr-inner '><span class=\"hr-inner-style\"><\/span><\/span><\/div><\/p><\/div><\/div><!--close column table wrapper. Autoclose: 1 --><div id='av-masonry-1' class='av-masonry av-mihwv7lo-36c66e27b677144ac6435c32684fb835 noHover av-fixed-size av-large-gap av-hover-overlay- av-masonry-animation-active av-masonry-col-5 av-caption-always av-caption-style- av-masonry-gallery av-mini-columns-overwrite av-mini-columns-2 av-orientation-portrait-large ' data-post_id=\"1001\"><div class=\"av-masonry-container isotope av-js-disabled\"><div class='av-masonry-entry isotope-item av-masonry-item-no-image '><\/div><a href=\"http:\/\/guitarrasgenisprat.com\/wp-content\/uploads\/2025\/11\/guitarra-genis-prat-m53-flamenco-03-687x1030.jpg\" data-srcset=\"http:\/\/guitarrasgenisprat.com\/wp-content\/uploads\/2025\/11\/guitarra-genis-prat-m53-flamenco-03-687x1030.jpg 687w, http:\/\/guitarrasgenisprat.com\/wp-content\/uploads\/2025\/11\/guitarra-genis-prat-m53-flamenco-03-200x300.jpg 200w, http:\/\/guitarrasgenisprat.com\/wp-content\/uploads\/2025\/11\/guitarra-genis-prat-m53-flamenco-03-768x1152.jpg 768w, http:\/\/guitarrasgenisprat.com\/wp-content\/uploads\/2025\/11\/guitarra-genis-prat-m53-flamenco-03-1024x1536.jpg 1024w, http:\/\/guitarrasgenisprat.com\/wp-content\/uploads\/2025\/11\/guitarra-genis-prat-m53-flamenco-03-1366x2048.jpg 1366w, http:\/\/guitarrasgenisprat.com\/wp-content\/uploads\/2025\/11\/guitarra-genis-prat-m53-flamenco-03-1000x1500.jpg 1000w, http:\/\/guitarrasgenisprat.com\/wp-content\/uploads\/2025\/11\/guitarra-genis-prat-m53-flamenco-03-470x705.jpg 470w, http:\/\/guitarrasgenisprat.com\/wp-content\/uploads\/2025\/11\/guitarra-genis-prat-m53-flamenco-03.jpg 1667w\" data-sizes=\"(max-width: 687px) 100vw, 687px\"  aria-label=\"image guitarra-genios-prado-m53-flamenco-03\"  id='av-masonry-1-item-1005' data-av-masonry-item='1005' class='av-masonry-entry isotope-item post-1005 attachment type-attachment status-inherit hentry  av-masonry-item-with-image' title=\"guitarra-genios-prado-m53-flamenco-03\" alt=\"Guitarras Genis Prat\"    itemprop=\"thumbnailUrl\" ><div class='av-inner-masonry-sizer'><\/div><figure class='av-inner-masonry main_color'><div class=\"av-masonry-outerimage-container\"><div class='av-masonry-image-container' style=\"background-image: url(http:\/\/guitarrasgenisprat.com\/wp-content\/uploads\/2025\/11\/guitarra-genis-prat-m53-flamenco-03-470x705.jpg);\"  title=\"guitarra-genios-prado-m53-flamenco-03\" ><\/div><\/div><\/figure><\/a><!--end av-masonry entry--><a href=\"http:\/\/guitarrasgenisprat.com\/wp-content\/uploads\/2025\/11\/guitarra-genis-prat-m53-flamenco-04-687x1030.jpg\" data-srcset=\"http:\/\/guitarrasgenisprat.com\/wp-content\/uploads\/2025\/11\/guitarra-genis-prat-m53-flamenco-04-687x1030.jpg 687w, http:\/\/guitarrasgenisprat.com\/wp-content\/uploads\/2025\/11\/guitarra-genis-prat-m53-flamenco-04-200x300.jpg 200w, http:\/\/guitarrasgenisprat.com\/wp-content\/uploads\/2025\/11\/guitarra-genis-prat-m53-flamenco-04-768x1152.jpg 768w, http:\/\/guitarrasgenisprat.com\/wp-content\/uploads\/2025\/11\/guitarra-genis-prat-m53-flamenco-04-1024x1536.jpg 1024w, http:\/\/guitarrasgenisprat.com\/wp-content\/uploads\/2025\/11\/guitarra-genis-prat-m53-flamenco-04-1366x2048.jpg 1366w, http:\/\/guitarrasgenisprat.com\/wp-content\/uploads\/2025\/11\/guitarra-genis-prat-m53-flamenco-04-1000x1500.jpg 1000w, http:\/\/guitarrasgenisprat.com\/wp-content\/uploads\/2025\/11\/guitarra-genis-prat-m53-flamenco-04-470x705.jpg 470w, http:\/\/guitarrasgenisprat.com\/wp-content\/uploads\/2025\/11\/guitarra-genis-prat-m53-flamenco-04.jpg 1667w\" data-sizes=\"(max-width: 687px) 100vw, 687px\"  aria-label=\"image guitarra-genios-prado-m53-flamenco-04\"  id='av-masonry-1-item-1006' data-av-masonry-item='1006' class='av-masonry-entry isotope-item post-1006 attachment type-attachment status-inherit hentry  av-masonry-item-with-image' title=\"guitarra-genios-prado-m53-flamenco-04\" alt=\"Guitarras Genis Prat\"    itemprop=\"thumbnailUrl\" ><div class='av-inner-masonry-sizer'><\/div><figure class='av-inner-masonry main_color'><div class=\"av-masonry-outerimage-container\"><div class='av-masonry-image-container' style=\"background-image: url(http:\/\/guitarrasgenisprat.com\/wp-content\/uploads\/2025\/11\/guitarra-genis-prat-m53-flamenco-04-470x705.jpg);\"  title=\"guitarra-genios-prado-m53-flamenco-04\" ><\/div><\/div><\/figure><\/a><!--end av-masonry entry--><a href=\"http:\/\/guitarrasgenisprat.com\/wp-content\/uploads\/2025\/12\/guitarra-genis-prat-m53-flamenco-03_detall-687x1030.jpg\" data-srcset=\"http:\/\/guitarrasgenisprat.com\/wp-content\/uploads\/2025\/12\/guitarra-genis-prat-m53-flamenco-03_detall-687x1030.jpg 687w, http:\/\/guitarrasgenisprat.com\/wp-content\/uploads\/2025\/12\/guitarra-genis-prat-m53-flamenco-03_detall-200x300.jpg 200w, http:\/\/guitarrasgenisprat.com\/wp-content\/uploads\/2025\/12\/guitarra-genis-prat-m53-flamenco-03_detall-768x1152.jpg 768w, http:\/\/guitarrasgenisprat.com\/wp-content\/uploads\/2025\/12\/guitarra-genis-prat-m53-flamenco-03_detall-470x705.jpg 470w, http:\/\/guitarrasgenisprat.com\/wp-content\/uploads\/2025\/12\/guitarra-genis-prat-m53-flamenco-03_detall.jpg 820w\" data-sizes=\"(max-width: 687px) 100vw, 687px\"  aria-label=\"image guitarra-genios-prado-m53-flamenco-03_detall\"  id='av-masonry-1-item-1007' data-av-masonry-item='1007' class='av-masonry-entry isotope-item post-1007 attachment type-attachment status-inherit hentry  av-masonry-item-with-image' title=\"guitarra-genios-prado-m53-flamenco-03_detall\" alt=\"Guitarras Genis Prat\"    itemprop=\"thumbnailUrl\" ><div class='av-inner-masonry-sizer'><\/div><figure class='av-inner-masonry main_color'><div class=\"av-masonry-outerimage-container\"><div class='av-masonry-image-container' style=\"background-image: url(http:\/\/guitarrasgenisprat.com\/wp-content\/uploads\/2025\/12\/guitarra-genis-prat-m53-flamenco-03_detall-470x705.jpg);\"  title=\"guitarra-genios-prado-m53-flamenco-03_detall\" ><\/div><\/div><\/figure><\/a><!--end av-masonry entry--><a href=\"http:\/\/guitarrasgenisprat.com\/wp-content\/uploads\/2025\/11\/guitarra-genis-prat-m53-flamenco-02-687x1030.jpg\" data-srcset=\"http:\/\/guitarrasgenisprat.com\/wp-content\/uploads\/2025\/11\/guitarra-genis-prat-m53-flamenco-02-687x1030.jpg 687w, http:\/\/guitarrasgenisprat.com\/wp-content\/uploads\/2025\/11\/guitarra-genis-prat-m53-flamenco-02-200x300.jpg 200w, http:\/\/guitarrasgenisprat.com\/wp-content\/uploads\/2025\/11\/guitarra-genis-prat-m53-flamenco-02-768x1152.jpg 768w, http:\/\/guitarrasgenisprat.com\/wp-content\/uploads\/2025\/11\/guitarra-genis-prat-m53-flamenco-02-1024x1536.jpg 1024w, http:\/\/guitarrasgenisprat.com\/wp-content\/uploads\/2025\/11\/guitarra-genis-prat-m53-flamenco-02-1366x2048.jpg 1366w, http:\/\/guitarrasgenisprat.com\/wp-content\/uploads\/2025\/11\/guitarra-genis-prat-m53-flamenco-02-1000x1500.jpg 1000w, http:\/\/guitarrasgenisprat.com\/wp-content\/uploads\/2025\/11\/guitarra-genis-prat-m53-flamenco-02-470x705.jpg 470w, http:\/\/guitarrasgenisprat.com\/wp-content\/uploads\/2025\/11\/guitarra-genis-prat-m53-flamenco-02.jpg 1667w\" data-sizes=\"(max-width: 687px) 100vw, 687px\"  aria-label=\"image guitarra-genios-prado-m53-flamenco-02\"  id='av-masonry-1-item-1003' data-av-masonry-item='1003' class='av-masonry-entry isotope-item post-1003 attachment type-attachment status-inherit hentry  av-masonry-item-with-image' title=\"guitarra-genios-prado-m53-flamenco-02\" alt=\"\"    itemprop=\"thumbnailUrl\" ><div class='av-inner-masonry-sizer'><\/div><figure class='av-inner-masonry main_color'><div class=\"av-masonry-outerimage-container\"><div class='av-masonry-image-container' style=\"background-image: url(http:\/\/guitarrasgenisprat.com\/wp-content\/uploads\/2025\/11\/guitarra-genis-prat-m53-flamenco-02-470x705.jpg);\"  title=\"guitarra-genios-prado-m53-flamenco-02\" ><\/div><\/div><\/figure><\/a><!--end av-masonry entry--><a href=\"http:\/\/guitarrasgenisprat.com\/wp-content\/uploads\/2025\/11\/guitarra-genis-prat-m53-flamenco-01-687x1030.jpg\" data-srcset=\"http:\/\/guitarrasgenisprat.com\/wp-content\/uploads\/2025\/11\/guitarra-genis-prat-m53-flamenco-01-687x1030.jpg 687w, http:\/\/guitarrasgenisprat.com\/wp-content\/uploads\/2025\/11\/guitarra-genis-prat-m53-flamenco-01-200x300.jpg 200w, http:\/\/guitarrasgenisprat.com\/wp-content\/uploads\/2025\/11\/guitarra-genis-prat-m53-flamenco-01-768x1152.jpg 768w, http:\/\/guitarrasgenisprat.com\/wp-content\/uploads\/2025\/11\/guitarra-genis-prat-m53-flamenco-01-1024x1536.jpg 1024w, http:\/\/guitarrasgenisprat.com\/wp-content\/uploads\/2025\/11\/guitarra-genis-prat-m53-flamenco-01-1366x2048.jpg 1366w, http:\/\/guitarrasgenisprat.com\/wp-content\/uploads\/2025\/11\/guitarra-genis-prat-m53-flamenco-01-1000x1500.jpg 1000w, http:\/\/guitarrasgenisprat.com\/wp-content\/uploads\/2025\/11\/guitarra-genis-prat-m53-flamenco-01-470x705.jpg 470w, http:\/\/guitarrasgenisprat.com\/wp-content\/uploads\/2025\/11\/guitarra-genis-prat-m53-flamenco-01.jpg 1667w\" data-sizes=\"(max-width: 687px) 100vw, 687px\"  aria-label=\"image guitarra-genios-prado-m53-flamenco-01\"  id='av-masonry-1-item-1008' data-av-masonry-item='1008' class='av-masonry-entry isotope-item post-1008 attachment type-attachment status-inherit hentry  av-masonry-item-with-image' title=\"guitarra-genios-prado-m53-flamenco-01\" alt=\"\"    itemprop=\"thumbnailUrl\" ><div class='av-inner-masonry-sizer'><\/div><figure class='av-inner-masonry main_color'><div class=\"av-masonry-outerimage-container\"><div class='av-masonry-image-container' style=\"background-image: url(http:\/\/guitarrasgenisprat.com\/wp-content\/uploads\/2025\/11\/guitarra-genis-prat-m53-flamenco-01-470x705.jpg);\"  title=\"guitarra-genios-prado-m53-flamenco-01\" ><\/div><\/div><\/figure><\/a><!--end av-masonry entry--><\/div><\/div>\n<\/div><\/div><\/div><!-- close content main div --><\/div><\/div><div id='model-60-flamenco'  class='avia-section av-246dte-26b918d07c402f6a03ebdb17d5d3d6ed alternate_color avia-section-large avia-no-border-styling  avia-builder-el-20  el_after_av_section  el_before_av_submenu  avia-bg-style-scroll container_wrap fullsize'  ><div class='container av-section-cont-open' ><div class='template-page content  av-content-full alpha units'><div class='post-entry post-entry-type-page post-entry-1001'><div class='entry-content-wrapper clearfix'>\n<div class='flex_column_table av-day0q-09dd13385a5f9572c939b4bc29f5a2c8 sc-av_one_half av-equal-height-column-flextable'><div  class='flex_column av-day0q-09dd13385a5f9572c939b4bc29f5a2c8 av_one_half  avia-builder-el-21  el_before_av_one_half  avia-builder-el-first  first no_margin flex_column_table_cell av-equal-height-column av-align-bottom  '     ><style type=\"text\/css\" data-created_by=\"avia_inline_auto\" id=\"style-css-av-8u1ky-a98eed6618790304b20791b5998dc74d\">\n.avia-image-container.av-8u1ky-a98eed6618790304b20791b5998dc74d img.avia_image{\nbox-shadow:none;\n}\n.avia-image-container.av-8u1ky-a98eed6618790304b20791b5998dc74d .av-image-caption-overlay-center{\ncolor:#ffffff;\n}\n<\/style>\n<div  class='avia-image-container av-8u1ky-a98eed6618790304b20791b5998dc74d av-styling- av-hover-fade avia-align-center  avia-builder-el-22  avia-builder-el-no-sibling '   itemprop=\"image\" itemscope=\"itemscope\" itemtype=\"https:\/\/schema.org\/ImageObject\" ><div class=\"avia-image-container-inner\"><div class=\"avia-image-overlay-wrap\"><img decoding=\"async\" fetchpriority=\"high\" class='wp-image-1004 avia-img-lazy-loading-not-1004 avia_image fade-basic' src=\"http:\/\/guitarrasgenisprat.com\/wp-content\/uploads\/2025\/11\/guitarra-genis-prat-m60-flamenco-01-687x1030.jpg\" alt='Guitarras Genis Prat' title='guitarra-genios-prado-m60-flamenco-01'  height=\"1030\" width=\"687\"  itemprop=\"thumbnailUrl\" srcset=\"http:\/\/guitarrasgenisprat.com\/wp-content\/uploads\/2025\/11\/guitarra-genis-prat-m60-flamenco-01-687x1030.jpg 687w, http:\/\/guitarrasgenisprat.com\/wp-content\/uploads\/2025\/11\/guitarra-genis-prat-m60-flamenco-01-200x300.jpg 200w, http:\/\/guitarrasgenisprat.com\/wp-content\/uploads\/2025\/11\/guitarra-genis-prat-m60-flamenco-01-768x1152.jpg 768w, http:\/\/guitarrasgenisprat.com\/wp-content\/uploads\/2025\/11\/guitarra-genis-prat-m60-flamenco-01-1024x1536.jpg 1024w, http:\/\/guitarrasgenisprat.com\/wp-content\/uploads\/2025\/11\/guitarra-genis-prat-m60-flamenco-01-1366x2048.jpg 1366w, http:\/\/guitarrasgenisprat.com\/wp-content\/uploads\/2025\/11\/guitarra-genis-prat-m60-flamenco-01-1000x1500.jpg 1000w, http:\/\/guitarrasgenisprat.com\/wp-content\/uploads\/2025\/11\/guitarra-genis-prat-m60-flamenco-01-470x705.jpg 470w, http:\/\/guitarrasgenisprat.com\/wp-content\/uploads\/2025\/11\/guitarra-genis-prat-m60-flamenco-01.jpg 1667w\" sizes=\"(max-width: 687px) 100vw, 687px\" \/><img decoding=\"async\" fetchpriority=\"high\" class='wp-image-1013 avia-img-lazy-loading-not-1013 avia_image fade-overlay' src=\"http:\/\/guitarrasgenisprat.com\/wp-content\/uploads\/2025\/11\/guitarra-genis-prat-m60-flamenco-02-686x1030.jpg\" alt='Guitarras Genis Prat' title='guitarra-genios-prado-m60-flamenco-01'  height=\"1030\" width=\"687\"  itemprop=\"thumbnailUrl\" srcset=\"http:\/\/guitarrasgenisprat.com\/wp-content\/uploads\/2025\/11\/guitarra-genis-prat-m60-flamenco-02-686x1030.jpg 686w, http:\/\/guitarrasgenisprat.com\/wp-content\/uploads\/2025\/11\/guitarra-genis-prat-m60-flamenco-02-200x300.jpg 200w, http:\/\/guitarrasgenisprat.com\/wp-content\/uploads\/2025\/11\/guitarra-genis-prat-m60-flamenco-02-768x1152.jpg 768w, http:\/\/guitarrasgenisprat.com\/wp-content\/uploads\/2025\/11\/guitarra-genis-prat-m60-flamenco-02-1024x1536.jpg 1024w, http:\/\/guitarrasgenisprat.com\/wp-content\/uploads\/2025\/11\/guitarra-genis-prat-m60-flamenco-02-1365x2048.jpg 1365w, http:\/\/guitarrasgenisprat.com\/wp-content\/uploads\/2025\/11\/guitarra-genis-prat-m60-flamenco-02-1000x1500.jpg 1000w, http:\/\/guitarrasgenisprat.com\/wp-content\/uploads\/2025\/11\/guitarra-genis-prat-m60-flamenco-02-470x705.jpg 470w, http:\/\/guitarrasgenisprat.com\/wp-content\/uploads\/2025\/11\/guitarra-genis-prat-m60-flamenco-02.jpg 1666w\" sizes=\"(max-width: 687px) 100vw, 687px\" \/><\/div><\/div><\/div><\/div>\n<style type=\"text\/css\" data-created_by=\"avia_inline_auto\" id=\"style-css-av-l0oi-205f0339b773c3609d841e2a108b7723\">\n.flex_column.av-l0oi-205f0339b773c3609d841e2a108b7723{\npadding:0 0 0 60px;\n}\n\n@media only screen and (max-width: 479px){ \n.flex_column.av-l0oi-205f0339b773c3609d841e2a108b7723{\npadding:0 0 0 0px;\n}\n}\n<\/style>\n<div  class='flex_column av-l0oi-205f0339b773c3609d841e2a108b7723 av_one_half  avia-builder-el-23  el_after_av_one_half  el_before_av_masonry_gallery  avia-builder-el-last  no_margin flex_column_table_cell av-equal-height-column av-align-bottom av-animated-generic bottom-to-top  '     ><p>\n<style type=\"text\/css\" data-created_by=\"avia_inline_auto\" id=\"style-css-av-1g7opu-6d6d178bb64a71f1b1388a3fec86b564\">\n#top .hr.hr-invisible.av-1g7opu-6d6d178bb64a71f1b1388a3fec86b564{\nheight:50px;\n}\n<\/style>\n<div  class='hr av-1g7opu-6d6d178bb64a71f1b1388a3fec86b564 hr-invisible  avia-builder-el-24  el_before_av_heading  avia-builder-el-first '><span class='hr-inner '><span class=\"hr-inner-style\"><\/span><\/span><\/div><br \/>\n\n<style type=\"text\/css\" data-created_by=\"avia_inline_auto\" id=\"style-css-av-16hmv6-41b99ee7513133fed0c62109d0c6d457\">\n#top .av-special-heading.av-16hmv6-41b99ee7513133fed0c62109d0c6d457{\npadding-bottom:10px;\n}\nbody .av-special-heading.av-16hmv6-41b99ee7513133fed0c62109d0c6d457 .av-special-heading-tag .heading-char{\nfont-size:25px;\n}\n.av-special-heading.av-16hmv6-41b99ee7513133fed0c62109d0c6d457 .av-subheading{\nfont-size:15px;\n}\n<\/style>\n<div  class='av-special-heading av-16hmv6-41b99ee7513133fed0c62109d0c6d457 av-special-heading-h2 blockquote modern-quote  avia-builder-el-25  el_after_av_hr  el_before_av_hr '><h2 class='av-special-heading-tag '  itemprop=\"headline\"  >Modelo 60 Flamenco<\/h2><div class=\"special-heading-border\"><div class=\"special-heading-inner-border\"><\/div><\/div><\/div><br \/>\n\n<style type=\"text\/css\" data-created_by=\"avia_inline_auto\" id=\"style-css-av-14tsjm-e3c9412b16b94a1d74fa43c6a4bdc79d\">\n#top .hr.hr-invisible.av-14tsjm-e3c9412b16b94a1d74fa43c6a4bdc79d{\nheight:50px;\n}\n<\/style>\n<div  class='hr av-14tsjm-e3c9412b16b94a1d74fa43c6a4bdc79d hr-invisible  avia-builder-el-26  el_after_av_heading  el_before_av_textblock '><span class='hr-inner '><span class=\"hr-inner-style\"><\/span><\/span><\/div><br \/>\n<section  class='av_textblock_section av-3g3bu-a750c2d096dae38bede807e672891779 '   itemscope=\"itemscope\" itemtype=\"https:\/\/schema.org\/CreativeWork\" ><div class='avia_textblock'  itemprop=\"text\" ><p style=\"text-align: left;\">La <strong>60 Flamenco<\/strong> ofrece un paso adelante en proyecci\u00f3n y potencia con respecto a la 53. Conserva la ligereza y agilidad flamenca, pero aporta <strong>m\u00e1s cuerpo sonoro y un ataque m\u00e1s definido<\/strong> , lo que la hace adecuada para palos intensos y m\u00fasica en vivo, manteniendo un sonido rico y expresivo.<\/p>\n<\/div><\/section><br \/>\n\n<style type=\"text\/css\" data-created_by=\"avia_inline_auto\" id=\"style-css-av-tkjt6-05ab69c66e8af6113a37cc9789e6b67f\">\n#top .hr.hr-invisible.av-tkjt6-05ab69c66e8af6113a37cc9789e6b67f{\nheight:20px;\n}\n<\/style>\n<div  class='hr av-tkjt6-05ab69c66e8af6113a37cc9789e6b67f hr-invisible  avia-builder-el-28  el_after_av_textblock  el_before_av_textblock '><span class='hr-inner '><span class=\"hr-inner-style\"><\/span><\/span><\/div><br \/>\n<section  class='av_textblock_section av-88sy-b5cdcc9932a635c95c85dac93bc018c0 '   itemscope=\"itemscope\" itemtype=\"https:\/\/schema.org\/CreativeWork\" ><div class='avia_textblock'  itemprop=\"text\" ><p style=\"text-align: left;\"><strong>Tapa:<\/strong> maciza de cedro o abeto.<br \/>\n<strong>Aros y fondo:<\/strong> cipr\u00e9s macizo.<br \/>\n<strong>Diapas\u00f3n:<\/strong> \u00e9bano.<br \/>\n<strong>M\u00e1stil:<\/strong> cedro de Honduras.<br \/>\n<strong>Acabado:<\/strong> poliuretano.<\/p>\n<p style=\"text-align: left;\">Instrumento equilibrado con sonido brillante, contundente y respuesta inmediata para repertorios flamencos exigentes.<\/p>\n<\/div><\/section><br \/>\n\n<style type=\"text\/css\" data-created_by=\"avia_inline_auto\" id=\"style-css-av-h3k8a-272a8edb8f45287fb951c8c204cec679\">\n#top .hr.hr-invisible.av-h3k8a-272a8edb8f45287fb951c8c204cec679{\nheight:20px;\n}\n<\/style>\n<div  class='hr av-h3k8a-272a8edb8f45287fb951c8c204cec679 hr-invisible  avia-builder-el-30  el_after_av_textblock  avia-builder-el-last '><span class='hr-inner '><span class=\"hr-inner-style\"><\/span><\/span><\/div><\/p><\/div><\/div><!--close column table wrapper. Autoclose: 1 --><div id='av-masonry-2' class='av-masonry av-mj7357d2-48439cc908bd046b9b0a2e2756cc8995 noHover av-fixed-size av-large-gap av-hover-overlay- av-masonry-animation-active av-masonry-col-5 av-caption-always av-caption-style- av-masonry-gallery av-mini-columns-overwrite av-mini-columns-2 av-orientation-portrait-large ' data-post_id=\"1001\"><div class=\"av-masonry-container isotope av-js-disabled\"><div class='av-masonry-entry isotope-item av-masonry-item-no-image '><\/div><a href=\"http:\/\/guitarrasgenisprat.com\/wp-content\/uploads\/2025\/11\/guitarra-genis-prat-m60-flamenco-04-687x1030.jpg\" data-srcset=\"http:\/\/guitarrasgenisprat.com\/wp-content\/uploads\/2025\/11\/guitarra-genis-prat-m60-flamenco-04-687x1030.jpg 687w, http:\/\/guitarrasgenisprat.com\/wp-content\/uploads\/2025\/11\/guitarra-genis-prat-m60-flamenco-04-200x300.jpg 200w, http:\/\/guitarrasgenisprat.com\/wp-content\/uploads\/2025\/11\/guitarra-genis-prat-m60-flamenco-04-768x1152.jpg 768w, http:\/\/guitarrasgenisprat.com\/wp-content\/uploads\/2025\/11\/guitarra-genis-prat-m60-flamenco-04-1024x1536.jpg 1024w, http:\/\/guitarrasgenisprat.com\/wp-content\/uploads\/2025\/11\/guitarra-genis-prat-m60-flamenco-04-1366x2048.jpg 1366w, http:\/\/guitarrasgenisprat.com\/wp-content\/uploads\/2025\/11\/guitarra-genis-prat-m60-flamenco-04-1000x1500.jpg 1000w, http:\/\/guitarrasgenisprat.com\/wp-content\/uploads\/2025\/11\/guitarra-genis-prat-m60-flamenco-04-470x705.jpg 470w, http:\/\/guitarrasgenisprat.com\/wp-content\/uploads\/2025\/11\/guitarra-genis-prat-m60-flamenco-04.jpg 1667w\" data-sizes=\"(max-width: 687px) 100vw, 687px\"  aria-label=\"image guitarra-genios-prado-m60-flamenco-04\"  id='av-masonry-2-item-1009' data-av-masonry-item='1009' class='av-masonry-entry isotope-item post-1009 attachment type-attachment status-inherit hentry  av-masonry-item-with-image' title=\"guitarra-genios-prado-m60-flamenco-04\" alt=\"Guitarras Genis Prat\"    itemprop=\"thumbnailUrl\" ><div class='av-inner-masonry-sizer'><\/div><figure class='av-inner-masonry main_color'><div class=\"av-masonry-outerimage-container\"><div class='av-masonry-image-container' style=\"background-image: url(http:\/\/guitarrasgenisprat.com\/wp-content\/uploads\/2025\/11\/guitarra-genis-prat-m60-flamenco-04-470x705.jpg);\"  title=\"guitarra-genios-prado-m60-flamenco-04\" ><\/div><\/div><\/figure><\/a><!--end av-masonry entry--><a href=\"http:\/\/guitarrasgenisprat.com\/wp-content\/uploads\/2025\/11\/guitarra-genis-prat-m60-flamenco-03-687x1030.jpg\" data-srcset=\"http:\/\/guitarrasgenisprat.com\/wp-content\/uploads\/2025\/11\/guitarra-genis-prat-m60-flamenco-03-687x1030.jpg 687w, http:\/\/guitarrasgenisprat.com\/wp-content\/uploads\/2025\/11\/guitarra-genis-prat-m60-flamenco-03-200x300.jpg 200w, http:\/\/guitarrasgenisprat.com\/wp-content\/uploads\/2025\/11\/guitarra-genis-prat-m60-flamenco-03-768x1152.jpg 768w, http:\/\/guitarrasgenisprat.com\/wp-content\/uploads\/2025\/11\/guitarra-genis-prat-m60-flamenco-03-1024x1536.jpg 1024w, http:\/\/guitarrasgenisprat.com\/wp-content\/uploads\/2025\/11\/guitarra-genis-prat-m60-flamenco-03-1366x2048.jpg 1366w, http:\/\/guitarrasgenisprat.com\/wp-content\/uploads\/2025\/11\/guitarra-genis-prat-m60-flamenco-03-1000x1500.jpg 1000w, http:\/\/guitarrasgenisprat.com\/wp-content\/uploads\/2025\/11\/guitarra-genis-prat-m60-flamenco-03-470x705.jpg 470w, http:\/\/guitarrasgenisprat.com\/wp-content\/uploads\/2025\/11\/guitarra-genis-prat-m60-flamenco-03.jpg 1667w\" data-sizes=\"(max-width: 687px) 100vw, 687px\"  aria-label=\"image guitarra-genios-prado-m60-flamenco-03\"  id='av-masonry-2-item-1010' data-av-masonry-item='1010' class='av-masonry-entry isotope-item post-1010 attachment type-attachment status-inherit hentry  av-masonry-item-with-image' title=\"guitarra-genios-prado-m60-flamenco-03\" alt=\"Guitarras Genis Prat\"    itemprop=\"thumbnailUrl\" ><div class='av-inner-masonry-sizer'><\/div><figure class='av-inner-masonry main_color'><div class=\"av-masonry-outerimage-container\"><div class='av-masonry-image-container' style=\"background-image: url(http:\/\/guitarrasgenisprat.com\/wp-content\/uploads\/2025\/11\/guitarra-genis-prat-m60-flamenco-03-470x705.jpg);\"  title=\"guitarra-genios-prado-m60-flamenco-03\" ><\/div><\/div><\/figure><\/a><!--end av-masonry entry--><a href=\"http:\/\/guitarrasgenisprat.com\/wp-content\/uploads\/2025\/12\/guitarra-genis-prat-m60-flamenco-02_detall-687x1030.jpg\" data-srcset=\"http:\/\/guitarrasgenisprat.com\/wp-content\/uploads\/2025\/12\/guitarra-genis-prat-m60-flamenco-02_detall-687x1030.jpg 687w, http:\/\/guitarrasgenisprat.com\/wp-content\/uploads\/2025\/12\/guitarra-genis-prat-m60-flamenco-02_detall-200x300.jpg 200w, http:\/\/guitarrasgenisprat.com\/wp-content\/uploads\/2025\/12\/guitarra-genis-prat-m60-flamenco-02_detall-768x1152.jpg 768w, http:\/\/guitarrasgenisprat.com\/wp-content\/uploads\/2025\/12\/guitarra-genis-prat-m60-flamenco-02_detall-470x705.jpg 470w, http:\/\/guitarrasgenisprat.com\/wp-content\/uploads\/2025\/12\/guitarra-genis-prat-m60-flamenco-02_detall.jpg 892w\" data-sizes=\"(max-width: 687px) 100vw, 687px\"  aria-label=\"image guitarra-genios-prado-m60-flamenco-02_detall\"  id='av-masonry-2-item-1012' data-av-masonry-item='1012' class='av-masonry-entry isotope-item post-1012 attachment type-attachment status-inherit hentry  av-masonry-item-with-image' title=\"guitarra-genios-prado-m60-flamenco-02_detall\" alt=\"Guitarras Genis Prat\"    itemprop=\"thumbnailUrl\" ><div class='av-inner-masonry-sizer'><\/div><figure class='av-inner-masonry main_color'><div class=\"av-masonry-outerimage-container\"><div class='av-masonry-image-container' style=\"background-image: url(http:\/\/guitarrasgenisprat.com\/wp-content\/uploads\/2025\/12\/guitarra-genis-prat-m60-flamenco-02_detall-470x705.jpg);\"  title=\"guitarra-genios-prado-m60-flamenco-02_detall\" ><\/div><\/div><\/figure><\/a><!--end av-masonry entry--><a href=\"http:\/\/guitarrasgenisprat.com\/wp-content\/uploads\/2025\/11\/guitarra-genis-prat-m60-flamenco-01-687x1030.jpg\" data-srcset=\"http:\/\/guitarrasgenisprat.com\/wp-content\/uploads\/2025\/11\/guitarra-genis-prat-m60-flamenco-01-687x1030.jpg 687w, http:\/\/guitarrasgenisprat.com\/wp-content\/uploads\/2025\/11\/guitarra-genis-prat-m60-flamenco-01-200x300.jpg 200w, http:\/\/guitarrasgenisprat.com\/wp-content\/uploads\/2025\/11\/guitarra-genis-prat-m60-flamenco-01-768x1152.jpg 768w, http:\/\/guitarrasgenisprat.com\/wp-content\/uploads\/2025\/11\/guitarra-genis-prat-m60-flamenco-01-1024x1536.jpg 1024w, http:\/\/guitarrasgenisprat.com\/wp-content\/uploads\/2025\/11\/guitarra-genis-prat-m60-flamenco-01-1366x2048.jpg 1366w, http:\/\/guitarrasgenisprat.com\/wp-content\/uploads\/2025\/11\/guitarra-genis-prat-m60-flamenco-01-1000x1500.jpg 1000w, http:\/\/guitarrasgenisprat.com\/wp-content\/uploads\/2025\/11\/guitarra-genis-prat-m60-flamenco-01-470x705.jpg 470w, http:\/\/guitarrasgenisprat.com\/wp-content\/uploads\/2025\/11\/guitarra-genis-prat-m60-flamenco-01.jpg 1667w\" data-sizes=\"(max-width: 687px) 100vw, 687px\"  aria-label=\"image guitarra-genios-prado-m60-flamenco-01\"  id='av-masonry-2-item-1004' data-av-masonry-item='1004' class='av-masonry-entry isotope-item post-1004 attachment type-attachment status-inherit hentry  av-masonry-item-with-image' title=\"guitarra-genios-prado-m60-flamenco-01\" alt=\"Guitarras Genis Prat\"    itemprop=\"thumbnailUrl\" ><div class='av-inner-masonry-sizer'><\/div><figure class='av-inner-masonry main_color'><div class=\"av-masonry-outerimage-container\"><div class='av-masonry-image-container' style=\"background-image: url(http:\/\/guitarrasgenisprat.com\/wp-content\/uploads\/2025\/11\/guitarra-genis-prat-m60-flamenco-01-470x705.jpg);\"  title=\"guitarra-genios-prado-m60-flamenco-01\" ><\/div><\/div><\/figure><\/a><!--end av-masonry entry--><a href=\"http:\/\/guitarrasgenisprat.com\/wp-content\/uploads\/2025\/11\/guitarra-genis-prat-m60-flamenco-02-686x1030.jpg\" data-srcset=\"http:\/\/guitarrasgenisprat.com\/wp-content\/uploads\/2025\/11\/guitarra-genis-prat-m60-flamenco-02-686x1030.jpg 686w, http:\/\/guitarrasgenisprat.com\/wp-content\/uploads\/2025\/11\/guitarra-genis-prat-m60-flamenco-02-200x300.jpg 200w, http:\/\/guitarrasgenisprat.com\/wp-content\/uploads\/2025\/11\/guitarra-genis-prat-m60-flamenco-02-768x1152.jpg 768w, http:\/\/guitarrasgenisprat.com\/wp-content\/uploads\/2025\/11\/guitarra-genis-prat-m60-flamenco-02-1024x1536.jpg 1024w, http:\/\/guitarrasgenisprat.com\/wp-content\/uploads\/2025\/11\/guitarra-genis-prat-m60-flamenco-02-1365x2048.jpg 1365w, http:\/\/guitarrasgenisprat.com\/wp-content\/uploads\/2025\/11\/guitarra-genis-prat-m60-flamenco-02-1000x1500.jpg 1000w, http:\/\/guitarrasgenisprat.com\/wp-content\/uploads\/2025\/11\/guitarra-genis-prat-m60-flamenco-02-470x705.jpg 470w, http:\/\/guitarrasgenisprat.com\/wp-content\/uploads\/2025\/11\/guitarra-genis-prat-m60-flamenco-02.jpg 1666w\" data-sizes=\"(max-width: 686px) 100vw, 686px\"  aria-label=\"image guitarra-genios-prado-m60-flamenco-02\"  id='av-masonry-2-item-1013' data-av-masonry-item='1013' class='av-masonry-entry isotope-item post-1013 attachment type-attachment status-inherit hentry  av-masonry-item-with-image' title=\"guitarra-genios-prado-m60-flamenco-02\" alt=\"Guitarras Genis Prat\"    itemprop=\"thumbnailUrl\" ><div class='av-inner-masonry-sizer'><\/div><figure class='av-inner-masonry main_color'><div class=\"av-masonry-outerimage-container\"><div class='av-masonry-image-container' style=\"background-image: url(http:\/\/guitarrasgenisprat.com\/wp-content\/uploads\/2025\/11\/guitarra-genis-prat-m60-flamenco-02-470x705.jpg);\"  title=\"guitarra-genios-prado-m60-flamenco-02\" ><\/div><\/div><\/figure><\/a><!--end av-masonry entry--><\/div><\/div>\n<\/div><\/div><\/div><!-- close content main div --><\/div><\/div><div class='clear'><\/div><div id='sub_menu1'  class='av-submenu-container av-mirfh3u1-b3b6348edd188e6a137f59122f45e649 main_color  avia-builder-el-32  el_after_av_section  el_before_av_postcontent  dots-menu av-sticky-submenu submenu-not-first container_wrap fullsize' style='z-index:301' ><div class='container av-menu-mobile-disabled av-submenu-pos-center'><ul id=\"menu-guitarres-flamenques\" class=\"av-subnav-menu\" role=\"menu\"><li role=\"menuitem\" id=\"menu-item-881\" class=\"menu-item menu-item-type-custom menu-item-object-custom menu-item-top-level menu-item-top-level-1\"><a href=\"#model-53-flamenco\" itemprop=\"url\" tabindex=\"0\"><span class=\"avia-bullet\"><\/span><span class=\"avia-menu-text\">53<\/span><span class=\"avia-menu-fx\"><span class=\"avia-arrow-wrap\"><span class=\"avia-arrow\"><\/span><\/span><\/span><\/a><\/li>\n<li role=\"menuitem\" id=\"menu-item-882\" class=\"menu-item menu-item-type-custom menu-item-object-custom menu-item-top-level menu-item-top-level-2\"><a href=\"#model-60-flamenco\" itemprop=\"url\" tabindex=\"0\"><span class=\"avia-bullet\"><\/span><span class=\"avia-menu-text\">60<\/span><span class=\"avia-menu-fx\"><span class=\"avia-arrow-wrap\"><span class=\"avia-arrow\"><\/span><\/span><\/span><\/a><\/li>\n<\/ul><\/div><\/div><div class='sticky_placeholder'><\/div><\/p>\n[av_section min_height='' min_height_pc='25' min_height_px='500px' shadow='no-border-styling' bottom_border='no-border-styling' bottom_border_diagonal_color='#333333' bottom_border_diagonal_direction='' bottom_border_style='' padding='default' custom_margin='0px' custom_margin_sync='true' av-desktop-custom_margin='' av-desktop-custom_margin_sync='true' av-medium-custom_margin='' av-medium-custom_margin_sync='true' av-small-custom_margin='' av-small-custom_margin_sync='true' av-mini-custom_margin='' av-mini-custom_margin_sync='true' svg_div_top='' svg_div_top_color='#333333' svg_div_top_width='100' svg_div_top_height='50' svg_div_top_max_height='none' svg_div_top_opacity='' svg_div_bottom='' svg_div_bottom_color='#333333' svg_div_bottom_width='100' svg_div_bottom_height='50' svg_div_bottom_max_height='none' svg_div_bottom_opacity='' fold_type='' fold_height='' fold_more='Llegir m\u00e9s' fold_less='Read less' fold_text_style='' fold_btn_align='' color='main_color' background='bg_color' custom_bg='#ffffff' background_gradient_direction='vertical' background_gradient_color1='#000000' background_gradient_color2='#ffffff' background_gradient_color3='' src='' attachment='' attachment_size='' src_dynamic='' attach='scroll' position='top left' repeat='no-repeat' video='' video_ratio='16:9' overlay_opacity='0.5' overlay_color='' overlay_pattern='' overlay_custom_pattern='' custom_arrow_bg='' fold_overlay_color='' fold_text_color='' fold_btn_color='theme-color' fold_btn_bg_color='' fold_btn_font_color='' size-btn-text='' av-desktop-font-size-btn-text='' av-medium-font-size-btn-text='' av-small-font-size-btn-text='' av-mini-font-size-btn-text='' fold_timer='' z_index_fold='' css_position_z_index='' av-desktop-css_position_z_index='' av-medium-css_position_z_index='' av-small-css_position_z_index='' av-mini-css_position_z_index='' id='' custom_class='' template_class='' aria_label='' av_element_hidden_in_editor='0' av_uid='av-m8a32' sc_version='1.0']\n\n[av_one_full first min_height='' vertical_alignment='av-align-top' space='' row_boxshadow='' row_boxshadow_width='10' row_boxshadow_color='' custom_margin='' margin='0px' av-desktop-margin='' av-medium-margin='' av-small-margin='' av-mini-margin='' mobile_breaking='' mobile_column_order='' border='' border_style='solid' border_color='' radius='' min_col_height='' padding='' av-desktop-padding='' av-medium-padding='' av-small-padding='' av-mini-padding='' svg_div_top='' svg_div_top_color='#333333' svg_div_top_width='100' svg_div_top_height='50' svg_div_top_max_height='none' svg_div_top_flip='' svg_div_top_invert='' svg_div_top_front='' svg_div_top_opacity='' svg_div_top_preview='' svg_div_bottom='' svg_div_bottom_color='#333333' svg_div_bottom_width='100' svg_div_bottom_height='50' svg_div_bottom_max_height='none' svg_div_bottom_flip='' svg_div_bottom_invert='' svg_div_bottom_front='' svg_div_bottom_opacity='' svg_div_bottom_preview='' fold_type='' fold_height='' fold_more='Llegir m\u00e9s' fold_less='Read less' fold_text_style='' fold_btn_align='' column_boxshadow='' column_boxshadow_width='10' column_boxshadow_color='' background='bg_color' background_color='' background_gradient_direction='vertical' background_gradient_color1='#000000' background_gradient_color2='#ffffff' background_gradient_color3='' src='' src_dynamic='' background_position='top left' background_repeat='no-repeat' highlight='' highlight_size='' fold_overlay_color='' fold_text_color='' fold_btn_color='theme-color' fold_btn_bg_color='' fold_btn_font_color='' size-btn-text='' av-desktop-font-size-btn-text='' av-medium-font-size-btn-text='' av-small-font-size-btn-text='' av-mini-font-size-btn-text='' animation='' animation_duration='' animation_custom_bg_color='' animation_z_index_curtain='100' parallax_parallax='' parallax_parallax_speed='' av-desktop-parallax_parallax='' av-desktop-parallax_parallax_speed='' av-medium-parallax_parallax='' av-medium-parallax_parallax_speed='' av-small-parallax_parallax='' av-small-parallax_parallax_speed='' av-mini-parallax_parallax='' av-mini-parallax_parallax_speed='' fold_timer='' z_index_fold='' css_position='' css_position_location='' css_position_z_index='' av-desktop-css_position='' av-desktop-css_position_location='' av-desktop-css_position_z_index='' av-medium-css_position='' av-medium-css_position_location='' av-medium-css_position_z_index='' av-small-css_position='' av-small-css_position_location='' av-small-css_position_z_index='' av-mini-css_position='' av-mini-css_position_location='' av-mini-css_position_z_index='' link='' link_dynamic='' linktarget='' link_hover='' title_attr='' alt_attr='' mobile_display='' mobile_col_pos='0' id='' custom_class='' template_class='' aria_label='' av_uid='av-e7lc6' sc_version='1.0']\n\n[av_heading heading='Configuraciones y opciones a medida' tag='h2' style='blockquote modern-quote' subheading_active='' show_icon='' icon='note' font='svg_entypo-fontello' size='' av-desktop-font-size-title='' av-medium-font-size-title='' av-small-font-size-title='' av-mini-font-size-title='' subheading_size='' av-desktop-font-size='' av-medium-font-size='' av-small-font-size='' av-mini-font-size='' icon_size='' av-desktop-font-size-1='' av-medium-font-size-1='' av-small-font-size-1='' av-mini-font-size-1='' color='' custom_font='' subheading_color='' seperator_color='' icon_color='' margin='' margin_sync='true' av-desktop-margin='' av-desktop-margin_sync='true' av-medium-margin='' av-medium-margin_sync='true' av-small-margin='' av-small-margin_sync='true' av-mini-margin='' av-mini-margin_sync='true' headline_padding='' headline_padding_sync='true' av-desktop-headline_padding='' av-desktop-headline_padding_sync='true' av-medium-headline_padding='' av-medium-headline_padding_sync='true' av-small-headline_padding='' av-small-headline_padding_sync='true' av-mini-headline_padding='' av-mini-headline_padding_sync='true' padding='10' av-desktop-padding='' av-medium-padding='' av-small-padding='' av-mini-padding='' icon_padding='10' av-desktop-icon_padding='' av-medium-icon_padding='' av-small-icon_padding='' av-mini-icon_padding='' link='' link_dynamic='' link_target='' title_attr='' id='' custom_class='' template_class='' av_uid='av-mj73mzjv' sc_version='1.0' admin_preview_bg=''][\/av_heading]\n\n[av_textblock fold_type='' fold_height='' fold_more='Llegir m\u00e9s' fold_less='Read less' fold_text_style='' fold_btn_align='' textblock_styling_align='' textblock_styling='' textblock_styling_gap='' textblock_styling_mobile='' size='' av-desktop-font-size='' av-medium-font-size='' av-small-font-size='' av-mini-font-size='' font_color='' color='' fold_overlay_color='' fold_text_color='' fold_btn_color='theme-color' fold_btn_bg_color='' fold_btn_font_color='' size-btn-text='' av-desktop-font-size-btn-text='' av-medium-font-size-btn-text='' av-small-font-size-btn-text='' av-mini-font-size-btn-text='' fold_timer='' z_index_fold='' id='' custom_class='' template_class='' av_uid='av-b414u' sc_version='1.0' admin_preview_bg='']\nEn el taller ofrecemos la posibilidad de adaptar cada guitarra seg\u00fan las necesidades del m\u00fasico.\n Algunas de las opciones que se pueden valorar son:\n[\/av_textblock]\n\n[\/av_one_full][av_one_half first min_height='' vertical_alignment='av-align-top' space='' row_boxshadow='' row_boxshadow_width='10' row_boxshadow_color='' custom_margin='' margin='0px' av-desktop-margin='' av-medium-margin='' av-small-margin='' av-mini-margin='' mobile_breaking='' mobile_column_order='' border='' border_style='solid' border_color='' radius='' min_col_height='' padding='' av-desktop-padding='' av-medium-padding='' av-small-padding='' av-mini-padding='' svg_div_top='' svg_div_top_color='#333333' svg_div_top_width='100' svg_div_top_height='50' svg_div_top_max_height='none' svg_div_top_flip='' svg_div_top_invert='' svg_div_top_front='' svg_div_top_opacity='' svg_div_top_preview='' svg_div_bottom='' svg_div_bottom_color='#333333' svg_div_bottom_width='100' svg_div_bottom_height='50' svg_div_bottom_max_height='none' svg_div_bottom_flip='' svg_div_bottom_invert='' svg_div_bottom_front='' svg_div_bottom_opacity='' svg_div_bottom_preview='' fold_type='' fold_height='' fold_more='Llegir m\u00e9s' fold_less='Read less' fold_text_style='' fold_btn_align='' column_boxshadow='' column_boxshadow_width='10' column_boxshadow_color='' background='bg_color' background_color='' background_gradient_direction='vertical' background_gradient_color1='#000000' background_gradient_color2='#ffffff' background_gradient_color3='' src='' src_dynamic='' background_position='top left' background_repeat='no-repeat' highlight='' highlight_size='' fold_overlay_color='' fold_text_color='' fold_btn_color='theme-color' fold_btn_bg_color='' fold_btn_font_color='' size-btn-text='' av-desktop-font-size-btn-text='' av-medium-font-size-btn-text='' av-small-font-size-btn-text='' av-mini-font-size-btn-text='' animation='' animation_duration='' animation_custom_bg_color='' animation_z_index_curtain='100' parallax_parallax='' parallax_parallax_speed='' av-desktop-parallax_parallax='' av-desktop-parallax_parallax_speed='' av-medium-parallax_parallax='' av-medium-parallax_parallax_speed='' av-small-parallax_parallax='' av-small-parallax_parallax_speed='' av-mini-parallax_parallax='' av-mini-parallax_parallax_speed='' fold_timer='' z_index_fold='' css_position='' css_position_location='' css_position_z_index='' av-desktop-css_position='' av-desktop-css_position_location='' av-desktop-css_position_z_index='' av-medium-css_position='' av-medium-css_position_location='' av-medium-css_position_z_index='' av-small-css_position='' av-small-css_position_location='' av-small-css_position_z_index='' av-mini-css_position='' av-mini-css_position_location='' av-mini-css_position_z_index='' link='' link_dynamic='' linktarget='' link_hover='' title_attr='' alt_attr='' mobile_display='' mobile_col_pos='0' id='' custom_class='' template_class='' aria_label='' av_uid='av-bfnce' sc_version='1.0']\n\n[av_iconlist position='left' iconlist_styling='av-iconlist-small' custom_title_size='' av-desktop-font-size-title='' av-medium-font-size-title='' av-small-font-size-title='' av-mini-font-size-title='' custom_content_size='' av-desktop-font-size='' av-medium-font-size='' av-small-font-size='' av-mini-font-size='' font_color='' custom_title='' custom_content='' color='' custom_font='' custom_bg='' custom_border='' gradient_color_direction='vertical' gradient_color_1='#000000' gradient_color_2='#ffffff' gradient_color_3='' border='' border_width='' border_width_sync='true' border_color='' box_shadow='' box_shadow_style='0px,0px,0px,0px' box_shadow_color='' animation='' sonar_effect_effect='' sonar_effect_color='' sonar_effect_duration='1' sonar_effect_scale='' sonar_effect_opac='0.5' alb_description='' id='' custom_class='' template_class='' av_uid='av-mj73rckk' sc_version='1.0' admin_preview_bg='']\n[av_iconlist_item title='Selecci\u00f3n de maderas' icon='check' font='svg_entypo-fontello' heading_tag='' heading_class='' link='' link_dynamic='' linktarget='' title_attr='' linkelement='' av_uid='av-mj73nm4k' sc_version='1.0']\nPosibilidad de elegir distintas maderas para tapa, aros y fondo, seg\u00fan disponibilidad y modelo.\n[\/av_iconlist_item]\n[av_iconlist_item title='Tiro y medidas' icon='check' font='svg_entypo-fontello' heading_tag='' heading_class='' link='' link_dynamic='' linktarget='' title_attr='' linkelement='' av_uid='av-mj73nm4k-8' sc_version='1.0']\nAdaptaci\u00f3n del tiro y otras medidas para ajustar la guitarra a la comodidad del guitarrista: 650 mm (est\u00e1ndar), 640 y 630 mm.\n[\/av_iconlist_item]\n[av_iconlist_item title='Ajustes de m\u00e1stil y acci\u00f3n' icon='check' font='svg_entypo-fontello' heading_tag='' heading_class='' link='' link_dynamic='' linktarget='' title_attr='' linkelement='' av_uid='av-mj73nm4k-7' sc_version='1.0']\nConfiguraci\u00f3n personalizada del m\u00e1stil y altura de cuerdas seg\u00fan el estilo de tocar.\n[\/av_iconlist_item]\n[av_iconlist_item title='Acabados' icon='check' font='svg_entypo-fontello' heading_tag='' heading_class='' link='' link_dynamic='' linktarget='' title_attr='' linkelement='' av_uid='av-mj73nm4k-6' sc_version='1.0']\nOpci\u00f3n de elegir acabados como goma laca u otros barnices.\n[\/av_iconlist_item]\n[\/av_iconlist]\n\n[\/av_one_half][av_one_half min_height='' vertical_alignment='av-align-top' space='' row_boxshadow='' row_boxshadow_width='10' row_boxshadow_color='' custom_margin='' margin='0px' av-desktop-margin='' av-medium-margin='' av-small-margin='' av-mini-margin='' mobile_breaking='' mobile_column_order='' border='' border_style='solid' border_color='' radius='' min_col_height='' padding='' av-desktop-padding='' av-medium-padding='' av-small-padding='' av-mini-padding='' svg_div_top='' svg_div_top_color='#333333' svg_div_top_width='100' svg_div_top_height='50' svg_div_top_max_height='none' svg_div_top_flip='' svg_div_top_invert='' svg_div_top_front='' svg_div_top_opacity='' svg_div_top_preview='' svg_div_bottom='' svg_div_bottom_color='#333333' svg_div_bottom_width='100' svg_div_bottom_height='50' svg_div_bottom_max_height='none' svg_div_bottom_flip='' svg_div_bottom_invert='' svg_div_bottom_front='' svg_div_bottom_opacity='' svg_div_bottom_preview='' fold_type='' fold_height='' fold_more='Llegir m\u00e9s' fold_less='Read less' fold_text_style='' fold_btn_align='' column_boxshadow='' column_boxshadow_width='10' column_boxshadow_color='' background='bg_color' background_color='' background_gradient_direction='vertical' background_gradient_color1='#000000' background_gradient_color2='#ffffff' background_gradient_color3='' src='' src_dynamic='' background_position='top left' background_repeat='no-repeat' highlight='' highlight_size='' fold_overlay_color='' fold_text_color='' fold_btn_color='theme-color' fold_btn_bg_color='' fold_btn_font_color='' size-btn-text='' av-desktop-font-size-btn-text='' av-medium-font-size-btn-text='' av-small-font-size-btn-text='' av-mini-font-size-btn-text='' animation='' animation_duration='' animation_custom_bg_color='' animation_z_index_curtain='100' parallax_parallax='' parallax_parallax_speed='' av-desktop-parallax_parallax='' av-desktop-parallax_parallax_speed='' av-medium-parallax_parallax='' av-medium-parallax_parallax_speed='' av-small-parallax_parallax='' av-small-parallax_parallax_speed='' av-mini-parallax_parallax='' av-mini-parallax_parallax_speed='' fold_timer='' z_index_fold='' css_position='' css_position_location='' css_position_z_index='' av-desktop-css_position='' av-desktop-css_position_location='' av-desktop-css_position_z_index='' av-medium-css_position='' av-medium-css_position_location='' av-medium-css_position_z_index='' av-small-css_position='' av-small-css_position_location='' av-small-css_position_z_index='' av-mini-css_position='' av-mini-css_position_location='' av-mini-css_position_z_index='' link='' link_dynamic='' linktarget='' link_hover='' title_attr='' alt_attr='' mobile_display='' mobile_col_pos='0' id='' custom_class='' template_class='' aria_label='' av_uid='av-xhx2' sc_version='1.0']\n\n[av_iconlist position='left' iconlist_styling='av-iconlist-small' custom_title_size='' av-desktop-font-size-title='' av-medium-font-size-title='' av-small-font-size-title='' av-mini-font-size-title='' custom_content_size='' av-desktop-font-size='' av-medium-font-size='' av-small-font-size='' av-mini-font-size='' font_color='' custom_title='' custom_content='' color='' custom_font='' custom_bg='' custom_border='' gradient_color_direction='vertical' gradient_color_1='#000000' gradient_color_2='#ffffff' gradient_color_3='' border='' border_width='' border_width_sync='true' border_color='' box_shadow='' box_shadow_style='0px,0px,0px,0px' box_shadow_color='' animation='' sonar_effect_effect='' sonar_effect_color='' sonar_effect_duration='1' sonar_effect_scale='' sonar_effect_opac='0.5' alb_description='' id='' custom_class='' template_class='' av_uid='av-mj73sw79' sc_version='1.0' admin_preview_bg='']\n[av_iconlist_item title='Cutaway' icon='check' font='svg_entypo-fontello' heading_tag='' heading_class='' link='' link_dynamic='' linktarget='' title_attr='' linkelement='' av_uid='av-2gks72' sc_version='1.0']\nPosibilidad de incorporar cutaway en determinados modelos para facilitar el acceso a los trastes agudos.\n[\/av_iconlist_item]\n[av_iconlist_item title='Amplificaci\u00f3n' icon='check' font='svg_entypo-fontello' heading_tag='' heading_class='' link='' link_dynamic='' linktarget='' title_attr='' linkelement='' av_uid='av-28s5km' sc_version='1.0']\nIntegraci\u00f3n de sistemas de amplificaci\u00f3n para directo o grabaci\u00f3n.\n[\/av_iconlist_item]\n[av_iconlist_item title='Comodidad y estilo de toque' icon='check' font='svg_entypo-fontello' heading_tag='' heading_class='' link='' link_dynamic='' linktarget='' title_attr='' linkelement='' av_uid='av-23zaku' sc_version='1.0']\nAjustes pensados \u200b\u200bespec\u00edficamente para adaptar el instrumento a la forma de tocar de cada m\u00fasico.\n[\/av_iconlist_item]\n[av_iconlist_item title='Modelos especiales' icon='check' font='svg_entypo-fontello' heading_tag='' heading_class='' link='' link_dynamic='' linktarget='' title_attr='' linkelement='' av_uid='av-1w72m6' sc_version='1.0']\nDesarrollo de guitarras especiales o adaptaciones concretas a petici\u00f3n del cliente.\n[\/av_iconlist_item]\n[\/av_iconlist]\n\n[\/av_one_half][\/av_section]\n[av_section min_height='' min_height_pc='25' min_height_px='500px' shadow='no-border-styling' bottom_border='no-border-styling' bottom_border_diagonal_color='#333333' bottom_border_diagonal_direction='' bottom_border_style='' padding='huge' custom_margin='0px' custom_margin_sync='true' av-desktop-custom_margin='' av-desktop-custom_margin_sync='true' av-medium-custom_margin='' av-medium-custom_margin_sync='true' av-small-custom_margin='' av-small-custom_margin_sync='true' av-mini-custom_margin='' av-mini-custom_margin_sync='true' svg_div_top='' svg_div_top_color='#333333' svg_div_top_width='100' svg_div_top_height='50' svg_div_top_max_height='none' svg_div_top_opacity='' svg_div_bottom='' svg_div_bottom_color='#333333' svg_div_bottom_width='100' svg_div_bottom_height='50' svg_div_bottom_max_height='none' svg_div_bottom_opacity='' fold_type='' fold_height='' fold_more='Llegir m\u00e9s' fold_less='Read less' fold_text_style='' fold_btn_align='' color='main_color' background='bg_color' custom_bg='' background_gradient_direction='vertical' background_gradient_color1='#000000' background_gradient_color2='#ffffff' background_gradient_color3='' src='' attachment='' attachment_size='' src_dynamic='' attach='scroll' position='top left' repeat='no-repeat' video='' video_ratio='16:9' overlay_opacity='0.5' overlay_color='' overlay_pattern='' overlay_custom_pattern='' custom_arrow_bg='' fold_overlay_color='' fold_text_color='' fold_btn_color='theme-color' fold_btn_bg_color='' fold_btn_font_color='' size-btn-text='' av-desktop-font-size-btn-text='' av-medium-font-size-btn-text='' av-small-font-size-btn-text='' av-mini-font-size-btn-text='' fold_timer='' z_index_fold='' css_position_z_index='' av-desktop-css_position_z_index='' av-medium-css_position_z_index='' av-small-css_position_z_index='' av-mini-css_position_z_index='' id='' custom_class='' template_class='' aria_label='' av_element_hidden_in_editor='0' av_uid='av-lq6dnd8z' sc_version='1.0']\n\n[av_one_half first min_height='av-equal-height-column' vertical_alignment='av-align-top' space='6' row_boxshadow_width='10' row_boxshadow_color='' margin='0px' margin_sync='true' av-desktop-margin='' av-desktop-margin_sync='true' av-medium-margin='' av-medium-margin_sync='true' av-small-margin='' av-small-margin_sync='true' av-mini-margin='' av-mini-margin_sync='true' mobile_breaking='' mobile_column_order='' border='' border_style='solid' border_color='' radius='' radius_sync='true' min_col_height='' padding='' padding_sync='true' av-desktop-padding='' av-desktop-padding_sync='true' av-medium-padding='' av-medium-padding_sync='true' av-small-padding='' av-small-padding_sync='true' av-mini-padding='' av-mini-padding_sync='true' svg_div_top='' svg_div_top_color='#333333' svg_div_top_width='100' svg_div_top_height='50' svg_div_top_max_height='none' svg_div_top_opacity='' svg_div_bottom='' svg_div_bottom_color='#333333' svg_div_bottom_width='100' svg_div_bottom_height='50' svg_div_bottom_max_height='none' svg_div_bottom_opacity='' fold_type='' fold_height='' fold_more='Llegir m\u00e9s' fold_less='Read less' fold_text_style='' fold_btn_align='' column_boxshadow_width='10' column_boxshadow_color='' background='bg_color' background_color='' background_gradient_direction='vertical' background_gradient_color1='#000000' background_gradient_color2='#ffffff' background_gradient_color3='' src='' attachment='' attachment_size='' src_dynamic='' background_position='top left' background_repeat='no-repeat' highlight_size='1.1' fold_overlay_color='' fold_text_color='' fold_btn_color='theme-color' fold_btn_bg_color='' fold_btn_font_color='' size-btn-text='' av-desktop-font-size-btn-text='' av-medium-font-size-btn-text='' av-small-font-size-btn-text='' av-mini-font-size-btn-text='' animation='' animation_duration='' animation_custom_bg_color='' animation_z_index_curtain='100' parallax_parallax='' parallax_parallax_speed='' av-desktop-parallax_parallax='' av-desktop-parallax_parallax_speed='' av-medium-parallax_parallax='' av-medium-parallax_parallax_speed='' av-small-parallax_parallax='' av-small-parallax_parallax_speed='' av-mini-parallax_parallax='' av-mini-parallax_parallax_speed='' fold_timer='' z_index_fold='' css_position='' css_position_location=',,,' css_position_z_index='' av-desktop-css_position='' av-desktop-css_position_location=',,,' av-desktop-css_position_z_index='' av-medium-css_position='' av-medium-css_position_location=',,,' av-medium-css_position_z_index='' av-small-css_position='' av-small-css_position_location=',,,' av-small-css_position_z_index='' av-mini-css_position='' av-mini-css_position_location=',,,' av-mini-css_position_z_index='' link='' link_dynamic='' linktarget='' link_hover='' title_attr='' alt_attr='' mobile_display='' mobile_col_pos='0' id='' custom_class='' template_class='' aria_label='' av_uid='av-lq6dk10a' sc_version='1.0']\n\n[av_heading heading='Trabajamos desde el detalle, haciendo \u00fanica cada guitarra' tag='h2' style='blockquote modern-quote' subheading_active='' show_icon='' icon='ue800' font='entypo-fontello' size='' av-desktop-font-size-title='' av-medium-font-size-title='' av-small-font-size-title='' av-mini-font-size-title='' subheading_size='' av-desktop-font-size='' av-medium-font-size='' av-small-font-size='' av-mini-font-size='' icon_size='' av-desktop-font-size-1='' av-medium-font-size-1='' av-small-font-size-1='' av-mini-font-size-1='' color='' custom_font='' subheading_color='' seperator_color='' icon_color='' margin='' margin_sync='true' av-desktop-margin='' av-desktop-margin_sync='true' av-medium-margin='' av-medium-margin_sync='true' av-small-margin='' av-small-margin_sync='true' av-mini-margin='' av-mini-margin_sync='true' headline_padding='' headline_padding_sync='true' av-desktop-headline_padding='' av-desktop-headline_padding_sync='true' av-medium-headline_padding='' av-medium-headline_padding_sync='true' av-small-headline_padding='' av-small-headline_padding_sync='true' av-mini-headline_padding='' av-mini-headline_padding_sync='true' padding='10' av-desktop-padding='' av-medium-padding='' av-small-padding='' av-mini-padding='' icon_padding='10' av-desktop-icon_padding='' av-medium-icon_padding='' av-small-icon_padding='' av-mini-icon_padding='' link='' link_dynamic='' link_target='' title_attr='' id='' custom_class='' template_class='' av_uid='av-lq6dj794' sc_version='1.0' admin_preview_bg=''][\/av_heading]\n\n[av_textblock fold_type='' fold_height='' fold_more='Llegir m\u00e9s' fold_less='Read less' fold_text_style='' fold_btn_align='' textblock_styling_align='' textblock_styling='' textblock_styling_gap='' textblock_styling_mobile='' size='' av-desktop-font-size='' av-medium-font-size='' av-small-font-size='' av-mini-font-size='' font_color='' color='' fold_overlay_color='' fold_text_color='' fold_btn_color='theme-color' fold_btn_bg_color='' fold_btn_font_color='' size-btn-text='' av-desktop-font-size-btn-text='' av-medium-font-size-btn-text='' av-small-font-size-btn-text='' av-mini-font-size-btn-text='' fold_timer='' z_index_fold='' id='' custom_class='' template_class='' av_uid='av-lq6djsmi' sc_version='1.0' admin_preview_bg='']\nSomos lutiers y estamos aqu\u00ed para ayudarte. Cu\u00e9ntanos qu\u00e9 buscas y te asesoraremos con total proximidad y sinceridad.\n\nConstruimos instrumentos especiales: modelos infantiles, cadetes, tiros personalizados, requintes, bajos de cinco cuerdas y guitarras de 7, 8 o 10 cuerdas.\n[\/av_textblock]\n\n[\/av_one_half][av_one_half min_height='' vertical_alignment='av-align-top' space='' row_boxshadow='' row_boxshadow_width='10' row_boxshadow_color='' custom_margin='' margin='0px' av-desktop-margin='' av-medium-margin='' av-small-margin='' av-mini-margin='' mobile_breaking='' mobile_column_order='' border='' border_style='solid' border_color='' radius='' min_col_height='' padding='' av-desktop-padding='' av-medium-padding='' av-small-padding='' av-mini-padding='' svg_div_top='' svg_div_top_color='#333333' svg_div_top_width='100' svg_div_top_height='50' svg_div_top_max_height='none' svg_div_top_flip='' svg_div_top_invert='' svg_div_top_front='' svg_div_top_opacity='' svg_div_top_preview='' svg_div_bottom='' svg_div_bottom_color='#333333' svg_div_bottom_width='100' svg_div_bottom_height='50' svg_div_bottom_max_height='none' svg_div_bottom_flip='' svg_div_bottom_invert='' svg_div_bottom_front='' svg_div_bottom_opacity='' svg_div_bottom_preview='' fold_type='' fold_height='' fold_more='Llegir m\u00e9s' fold_less='Read less' fold_text_style='' fold_btn_align='' column_boxshadow='' column_boxshadow_width='10' column_boxshadow_color='' background='bg_color' background_color='' background_gradient_direction='vertical' background_gradient_color1='#000000' background_gradient_color2='#ffffff' background_gradient_color3='' src='' background_position='top left' background_repeat='no-repeat' highlight='' highlight_size='' fold_overlay_color='' fold_text_color='' fold_btn_color='theme-color' fold_btn_bg_color='' fold_btn_font_color='' size-btn-text='' av-desktop-font-size-btn-text='' av-medium-font-size-btn-text='' av-small-font-size-btn-text='' av-mini-font-size-btn-text='' animation='' animation_duration='' animation_custom_bg_color='' animation_z_index_curtain='100' parallax_parallax='' parallax_parallax_speed='' av-desktop-parallax_parallax='' av-desktop-parallax_parallax_speed='' av-medium-parallax_parallax='' av-medium-parallax_parallax_speed='' av-small-parallax_parallax='' av-small-parallax_parallax_speed='' av-mini-parallax_parallax='' av-mini-parallax_parallax_speed='' fold_timer='' z_index_fold='' css_position='' css_position_location='' css_position_z_index='' av-desktop-css_position='' av-desktop-css_position_location='' av-desktop-css_position_z_index='' av-medium-css_position='' av-medium-css_position_location='' av-medium-css_position_z_index='' av-small-css_position='' av-small-css_position_location='' av-small-css_position_z_index='' av-mini-css_position='' av-mini-css_position_location='' av-mini-css_position_z_index='' link='' linktarget='' link_hover='' title_attr='' alt_attr='' mobile_display='' mobile_col_pos='0' id='' custom_class='' template_class='' aria_label='' av_uid='av-a7has' sc_version='1.0']\n\n[av_contact title='' button='Enviar' on_send='' sent='\u00a1Tu mensaje se ha enviado!' link='manually,http:\/\/' with_errors='' captcha='' captcha_theme='light' captcha_size='normal' captcha_score='0.5' email='info@ergates.net,info@guitarrasgenisprat.com' from_email='server@ergatesweb.net' subject='' autoresponder_email='' autoresponder_reply_to='' autoresponder_subject='' autorespond='' autorespond_after='' hide_labels='aviaTBhide_labels' form_align='' color='' heading_tag='' heading_class='' alb_description='' id='' custom_class='' template_class='' aria_label='' av_uid='av-lq6dn12k' sc_version='1.0' admin_preview_bg='']\n[av_contact_field type='text' label='Nombre' options='' check='is_empty' element_display='' width='' headline_tag='h3' av_uid='av-lq6dkv3k' sc_version='1.0' multi_select='' date_limit='' av_contact_preselect=''][\/av_contact_field]\n[av_contact_field type='text' label='Email' options='' check='is_email' element_display='' width='element_half' headline_tag='h3' av_uid='av-lq6dld0u' sc_version='1.0' multi_select='' date_limit='' av_contact_preselect=''][\/av_contact_field]\n[av_contact_field type='text' label='Tel\u00e9fono' options='' check='' element_display='' width='element_half' headline_tag='h3' av_uid='av-lq6dmdb7' sc_version='1.0' multi_select='' date_limit='' av_contact_preselect=''][\/av_contact_field]\n[av_contact_field type='text' label='Mensaje' options='' check='is_empty' element_display='' width='' headline_tag='h3' av_uid='av-lq6dloq6' sc_version='1.0' multi_select='' date_limit='' av_contact_preselect=''][\/av_contact_field]\n[\/av_contact]\n\n[\/av_one_half][\/av_section]\n","protected":false},"excerpt":{"rendered":"","protected":false},"author":3,"featured_media":0,"parent":1257,"menu_order":0,"comment_status":"closed","ping_status":"closed","template":"","meta":{"footnotes":""},"class_list":["post-1001","page","type-page","status-publish","hentry"],"yoast_head":"<!-- This site is optimized with the Yoast SEO plugin v27.5 - https:\/\/yoast.com\/product\/yoast-seo-wordpress\/ -->\n<title>Guitarras flamencas artesanas - Guitarrasgenisprat<\/title>\n<meta name=\"description\" content=\"Guitarras flamencas hechas a mano con gran proyecci\u00f3n respuesta r\u00e1pida y car\u00e1cter profesional\" \/>\n<meta name=\"robots\" content=\"index, follow, max-snippet:-1, max-image-preview:large, max-video-preview:-1\" \/>\n<link rel=\"canonical\" href=\"http:\/\/guitarrasgenisprat.com\/es\/guitarras\/guitarras-flamencas\/\" \/>\n<meta property=\"og:locale\" content=\"es_ES\" \/>\n<meta property=\"og:type\" content=\"article\" \/>\n<meta property=\"og:title\" content=\"Guitarras flamencas artesanas - Guitarrasgenisprat\" \/>\n<meta property=\"og:description\" content=\"Guitarras flamencas hechas a mano con gran proyecci\u00f3n respuesta r\u00e1pida y car\u00e1cter profesional\" \/>\n<meta property=\"og:url\" content=\"http:\/\/guitarrasgenisprat.com\/es\/guitarras\/guitarras-flamencas\/\" \/>\n<meta property=\"og:site_name\" content=\"Guitarrasgenisprat\" \/>\n<meta property=\"article:modified_time\" content=\"2026-01-16T09:37:56+00:00\" \/>\n<meta name=\"twitter:card\" content=\"summary_large_image\" \/>\n<meta name=\"twitter:label1\" content=\"Tiempo de lectura\" \/>\n\t<meta name=\"twitter:data1\" content=\"11 minutos\" \/>\n<script type=\"application\/ld+json\" class=\"yoast-schema-graph\">{\"@context\":\"https:\\\/\\\/schema.org\",\"@graph\":[{\"@type\":\"WebPage\",\"@id\":\"http:\\\/\\\/guitarrasgenisprat.com\\\/es\\\/guitarras\\\/guitarras-flamencas\\\/\",\"url\":\"http:\\\/\\\/guitarrasgenisprat.com\\\/es\\\/guitarras\\\/guitarras-flamencas\\\/\",\"name\":\"Guitarras flamencas artesanas - Guitarrasgenisprat\",\"isPartOf\":{\"@id\":\"https:\\\/\\\/guitarrasgenisprat.com\\\/es\\\/#website\"},\"datePublished\":\"2026-01-15T10:46:34+00:00\",\"dateModified\":\"2026-01-16T09:37:56+00:00\",\"description\":\"Guitarras flamencas hechas a mano con gran proyecci\u00f3n respuesta r\u00e1pida y car\u00e1cter profesional\",\"breadcrumb\":{\"@id\":\"http:\\\/\\\/guitarrasgenisprat.com\\\/es\\\/guitarras\\\/guitarras-flamencas\\\/#breadcrumb\"},\"inLanguage\":\"es\",\"potentialAction\":[{\"@type\":\"ReadAction\",\"target\":[\"http:\\\/\\\/guitarrasgenisprat.com\\\/es\\\/guitarras\\\/guitarras-flamencas\\\/\"]}]},{\"@type\":\"BreadcrumbList\",\"@id\":\"http:\\\/\\\/guitarrasgenisprat.com\\\/es\\\/guitarras\\\/guitarras-flamencas\\\/#breadcrumb\",\"itemListElement\":[{\"@type\":\"ListItem\",\"position\":1,\"name\":\"Inici\",\"item\":\"https:\\\/\\\/guitarrasgenisprat.com\\\/es\\\/\"},{\"@type\":\"ListItem\",\"position\":2,\"name\":\"Guitarras\",\"item\":\"https:\\\/\\\/guitarrasgenisprat.com\\\/es\\\/guitarras\\\/\"},{\"@type\":\"ListItem\",\"position\":3,\"name\":\"Guitarras flamencas\"}]},{\"@type\":\"WebSite\",\"@id\":\"https:\\\/\\\/guitarrasgenisprat.com\\\/es\\\/#website\",\"url\":\"https:\\\/\\\/guitarrasgenisprat.com\\\/es\\\/\",\"name\":\"Guitarrasgenisprat\",\"description\":\"\",\"potentialAction\":[{\"@type\":\"SearchAction\",\"target\":{\"@type\":\"EntryPoint\",\"urlTemplate\":\"https:\\\/\\\/guitarrasgenisprat.com\\\/es\\\/?s={search_term_string}\"},\"query-input\":{\"@type\":\"PropertyValueSpecification\",\"valueRequired\":true,\"valueName\":\"search_term_string\"}}],\"inLanguage\":\"es\"}]}<\/script>\n<!-- \/ Yoast SEO plugin. -->","yoast_head_json":{"title":"Guitarras flamencas artesanas - Guitarrasgenisprat","description":"Guitarras flamencas hechas a mano con gran proyecci\u00f3n respuesta r\u00e1pida y car\u00e1cter profesional","robots":{"index":"index","follow":"follow","max-snippet":"max-snippet:-1","max-image-preview":"max-image-preview:large","max-video-preview":"max-video-preview:-1"},"canonical":"http:\/\/guitarrasgenisprat.com\/es\/guitarras\/guitarras-flamencas\/","og_locale":"es_ES","og_type":"article","og_title":"Guitarras flamencas artesanas - Guitarrasgenisprat","og_description":"Guitarras flamencas hechas a mano con gran proyecci\u00f3n respuesta r\u00e1pida y car\u00e1cter profesional","og_url":"http:\/\/guitarrasgenisprat.com\/es\/guitarras\/guitarras-flamencas\/","og_site_name":"Guitarrasgenisprat","article_modified_time":"2026-01-16T09:37:56+00:00","twitter_card":"summary_large_image","twitter_misc":{"Tiempo de lectura":"11 minutos"},"schema":{"@context":"https:\/\/schema.org","@graph":[{"@type":"WebPage","@id":"http:\/\/guitarrasgenisprat.com\/es\/guitarras\/guitarras-flamencas\/","url":"http:\/\/guitarrasgenisprat.com\/es\/guitarras\/guitarras-flamencas\/","name":"Guitarras flamencas artesanas - Guitarrasgenisprat","isPartOf":{"@id":"https:\/\/guitarrasgenisprat.com\/es\/#website"},"datePublished":"2026-01-15T10:46:34+00:00","dateModified":"2026-01-16T09:37:56+00:00","description":"Guitarras flamencas hechas a mano con gran proyecci\u00f3n respuesta r\u00e1pida y car\u00e1cter profesional","breadcrumb":{"@id":"http:\/\/guitarrasgenisprat.com\/es\/guitarras\/guitarras-flamencas\/#breadcrumb"},"inLanguage":"es","potentialAction":[{"@type":"ReadAction","target":["http:\/\/guitarrasgenisprat.com\/es\/guitarras\/guitarras-flamencas\/"]}]},{"@type":"BreadcrumbList","@id":"http:\/\/guitarrasgenisprat.com\/es\/guitarras\/guitarras-flamencas\/#breadcrumb","itemListElement":[{"@type":"ListItem","position":1,"name":"Inici","item":"https:\/\/guitarrasgenisprat.com\/es\/"},{"@type":"ListItem","position":2,"name":"Guitarras","item":"https:\/\/guitarrasgenisprat.com\/es\/guitarras\/"},{"@type":"ListItem","position":3,"name":"Guitarras flamencas"}]},{"@type":"WebSite","@id":"https:\/\/guitarrasgenisprat.com\/es\/#website","url":"https:\/\/guitarrasgenisprat.com\/es\/","name":"Guitarrasgenisprat","description":"","potentialAction":[{"@type":"SearchAction","target":{"@type":"EntryPoint","urlTemplate":"https:\/\/guitarrasgenisprat.com\/es\/?s={search_term_string}"},"query-input":{"@type":"PropertyValueSpecification","valueRequired":true,"valueName":"search_term_string"}}],"inLanguage":"es"}]}},"_links":{"self":[{"href":"http:\/\/guitarrasgenisprat.com\/es\/wp-json\/wp\/v2\/pages\/1001","targetHints":{"allow":["GET"]}}],"collection":[{"href":"http:\/\/guitarrasgenisprat.com\/es\/wp-json\/wp\/v2\/pages"}],"about":[{"href":"http:\/\/guitarrasgenisprat.com\/es\/wp-json\/wp\/v2\/types\/page"}],"author":[{"embeddable":true,"href":"http:\/\/guitarrasgenisprat.com\/es\/wp-json\/wp\/v2\/users\/3"}],"replies":[{"embeddable":true,"href":"http:\/\/guitarrasgenisprat.com\/es\/wp-json\/wp\/v2\/comments?post=1001"}],"version-history":[{"count":9,"href":"http:\/\/guitarrasgenisprat.com\/es\/wp-json\/wp\/v2\/pages\/1001\/revisions"}],"predecessor-version":[{"id":1340,"href":"http:\/\/guitarrasgenisprat.com\/es\/wp-json\/wp\/v2\/pages\/1001\/revisions\/1340"}],"up":[{"embeddable":true,"href":"http:\/\/guitarrasgenisprat.com\/es\/wp-json\/wp\/v2\/pages\/1257"}],"wp:attachment":[{"href":"http:\/\/guitarrasgenisprat.com\/es\/wp-json\/wp\/v2\/media?parent=1001"}],"curies":[{"name":"wp","href":"https:\/\/api.w.org\/{rel}","templated":true}]}}